{"version":"1.0","provider_name":"v\u00e9m\u00e1nia","provider_url":"https:\/\/vemania.cafeblog.hu","author_name":"Vivien G\u00e1bor-Szab\u00f3","author_url":"https:\/\/vemania.cafeblog.hu\/author\/gszviviengmail-com\/","title":"CHRISTMAS TAG","html":"<h2>Kar\u00e1csonyi k\u00e9rdezz-felelek<\/h2>\r\n<p>Aki ismer tudja, hogy nem vagyok igaz\u00e1n kar\u00e1csonyfanatikus. Viszont szeretem elkapni a hangulat\u00e1t. A kar\u00e1csonyi v\u00e1s\u00e1rt, a forralt bort, a fa d\u00edsz\u00edt\u00e9st\u00a0 \u00e9s l\u00e1tni a szeretteim arc\u00e1n az \u00f6r\u00f6m\u00f6t, amikor kibontj\u00e1k az aj\u00e1nd\u00e9kukat. Ezeket szeretem legjobban.<\/p>\r\n<blockquote>\r\n<ol>\r\n<li>\r\n<h3>Csomagol\u00f3pap\u00edr vagy aj\u00e1nd\u00e9ktasak?<\/h3>\r\n\u00c9n a csomagol\u00f3pap\u00edrt prefer\u00e1lom, mert az az igazi izgalom, ahogy t\u00e9pi, szaggatja az ember. \u00c9s \u00fagy gondolom, hogy azzal \u201elehet alkotni\u201d. Egy kis masni, egy kis k\u00e1rtya (n\u00e9vresz\u00f3l\u00f3an) nagyon feltudja dobni az eg\u00e9szet. Viszont vannak olyan aj\u00e1nd\u00e9kok, amiket m\u00e1r nehezebb becsomagolgatni, azokat jobban szeretem valami tasakba \u00e1tadni. Gy\u00f6ny\u00f6r\u0171 kar\u00e1csonyi aj\u00e1nd\u00e9ktasakokat lehet ilyenkor kapni.\u00a0 P\u00e1rommal mi id\u00e9n \u00edgy oldottuk meg. (Az aj\u00e1nd\u00e9kk\u00e1rty\u00e1kat a Pepcoban vett\u00fck. 360 Ft-\u00e9rt \u00e9s szerintem j\u00f6v\u0151 kar\u00e1csonyra is el\u00e9g.)<br \/><img class=\"alignnone size-medium wp-image-24\" src=\"https:\/\/vemania.cafeblog.hu\/files\/2018\/12\/49135407_358581214970927_943918298515374080_n-223x300.jpg\" alt=\"\" width=\"223\" height=\"300\" \/><\/li>\r\n<li>\r\n<h3>Igazi vagy m\u0171feny\u0151?<\/h3>\r\nN\u00e1lunk minden \u00e9vben igazi feny\u0151 van. \u00c9n is jobban szeretem azt, b\u00e1r ha lak\u00e1sba k\u00f6lt\u00f6z\u00fcnk majd egyszer a Szerelmemmel, akkor neki \u00e9s nekem is el kell fogadnunk, hogy m\u0171feny\u0151 hasznosabb lesz.<\/li>\r\n<li>\r\n<h3>Mikor d\u00edszited fel a f\u00e1t?<\/h3>\r\nCsal\u00e1dommal mindig 24-\u00e9n k\u00e9s\u0151 d\u00e9lut\u00e1n szoktuk. Pontosabban a h\u00fagom, \u00f6cs\u00e9m \u00e9s \u00e9n.<br \/><br \/><\/li>\r\n<li>\r\n<h3>Mikor bontod le a f\u00e1t?<\/h3>\r\nMindig megpr\u00f3b\u00e1ljuk napra pontosan V\u00edzkeresztkor, de ez nem mindig j\u00f6n \u00f6ssze, \u00edgy \u00e1ltal\u00e1ban p\u00e1r nappal ut\u00e1na. (Ha \u00fcgyesek vagyunk.)<\/li>\r\n<li>\r\n<h3>Szereted a toj\u00e1slik\u0151rt?<\/h3>\r\nSzeretem, b\u00e1r els\u0151 k\u00f3stol\u00e1sra nem \u00edzlett. Egy\u00e9bk\u00e9nt n\u00e1lunk ilyenkor ink\u00e1bb csokilik\u0151r \u00e9s Baileys szokott lenni.<\/li>\r\n<li>\r\n<h3>Kedvenc aj\u00e1nd\u00e9kod, amit gyerekk\u00e9nt kapt\u00e1l?<\/h3>\r\nApuk\u00e1m mikor kicsi voltam, akkor a takar\u00f3 al\u00e1 rejtette az aj\u00e1nd\u00e9kom. Mikor fek\u00fcdtem volna be, akkor azt \u00e9reztem, hogy nagyon nyom valami. Felh\u00faztam a takar\u00f3t \u00e9s megl\u00e1ttam alatta egy rollert. Im\u00e1dtam. Leoltottuk a l\u00e1mp\u00e1t, Apuk\u00e1m megp\u00f6rgette a kerekeit, ami pirosan vil\u00e1g\u00edtott. Nagyon boldog voltam. Tal\u00e1n 4-5 \u00e9ves lehettem akkor. Azt hiszem akkor kar\u00e1csonykor kaptam m\u00e9g egy Avonos szettet is. Kisl\u00e1nyoknak val\u00f3 cuccok voltak benne. Ajakbalzsam \u00e9s valami testpermet-f\u00e9le. Od\u00e1ig voltam \u00e9rte. (Tal\u00e1n itt kezd\u0151d\u00f6tt a \u201ekapcsolatom\u201d a m\u00e1rk\u00e1val.)<\/li>\r\n<li>\r\n<h3>Kedvenc kar\u00e1csonyi film?<\/h3>\r\nEgy\u00e9rtelm\u0171en a Holiday. A szerepl\u0151k, a t\u00e9ma, a helysz\u00ednek, a mondanival\u00f3ja\u2026 mind olyan t\u00f6k\u00e9letes. <img class=\"alignnone size-medium wp-image-20\" src=\"https:\/\/vemania.cafeblog.hu\/files\/2018\/12\/10-eves-lett-a-holiday-ennyit-valtoztak-a-film-foszereploi-12130312-1482844470-300x158.jpg\" alt=\"\" width=\"300\" height=\"158\" \/><\/li>\r\n<li>\r\n<h3>Mikor kezdesz v\u00e1s\u00e1rolni?<\/h3>\r\nId\u00e9n megfogadtuk p\u00e1rommal, hogy nem lesz\u00fcnk \u201eutols\u00f3 pillanatosok\u201d. Mit is mondjak? M\u00e9g december 22-\u00e9n egym\u00e1snak (+ Anyuk\u00e1mnak) kerest\u00fck a t\u00f6k\u00e9letes aj\u00e1nd\u00e9kot. Mindamellett a t\u00f6bbieknek m\u00e1r meg volt, \u00e9s \u00fagy \u00e9rzem, hogy most eltal\u00e1ltuk.<\/li>\r\n<li>\r\n<h3>Kedvenc kar\u00e1csonyi \u00e9tel?<\/h3>\r\nEgy\u00e9rtelm\u0171. T\u00f6lt\u00f6tt k\u00e1poszta.<\/li>\r\n<li>\r\n<h3>Sz\u00ednes vagy sima f\u00e9nyek?<\/h3>\r\nN\u00e1lunk mindig sz\u00ednes f\u00e9nyek vannak gyerekkorom \u00f3ta. De a nagysz\u00fcleimn\u00e9l is. Tetszenek a sima f\u00e9nyek is, de valahogy nekem a sz\u00ednes az igazi.<\/li>\r\n<li>\r\n<h3>Kedvenc kar\u00e1csonyi dal?<\/h3>\r\nMariah Carey- All I want for Christmas <a href=\"https:\/\/www.youtube.com\/watch?v=yXQViqx6GMY\">https:\/\/www.youtube.com\/watch?v=yXQViqx6GMY<\/a>\r\n<p>[embed]https:\/\/www.youtube.com\/watch?v=yXQViqx6GMY[\/embed]<\/p>\r\n<\/li>\r\n<li>\r\n<h3>Elutazol kar\u00e1csonykor, vagy otthon maradsz?<\/h3>\r\nSzenteste sz\u0171k csal\u00e1di k\u00f6rben vagyunk, 25-\u00e9n Apuk\u00e1m n\u0151v\u00e9r\u00e9\u00e9k l\u00e1togatnak meg minket, 26-\u00e1n pedig mi megy\u00fcnk Anyuk\u00e1m nagysz\u00fcleihez, \u00e9s ott gy\u0171lik \u00f6ssze a csal\u00e1d.<\/li>\r\n<li>\r\n<h3><span style=\"font-size: 1rem\">Mikor nyitod ki az aj\u00e1nd\u00e9kokat? <br \/><\/span><\/h3>\r\n<span style=\"font-size: 1rem\">24-\u00e9n, 25-\u00e9n \u00e9s 26-\u00e1n is. Mert ezeken a napokon mindig aj\u00e1nd\u00e9kozunk valakivel. Illetve els\u0151nek 23-\u00e1n aj\u00e1nd\u00e9kozunk p\u00e1rommal, mert 24-\u00e9n mindketten a saj\u00e1t csal\u00e1dunkkal t\u00f6ltj\u00fck a szentest\u00e9t, \u00edgy mi hamarabb szoktunk egym\u00e1snak aj\u00e1nd\u00e9kot adni.<br \/><br \/><br \/><\/span>Mindenkinek kellemes \u00fcnnepeket k\u00edv\u00e1nok!<br \/><br \/><em>V\u00e9<\/em><\/li>\r\n<\/ol>\r\n<\/blockquote>","type":"rich","thumbnail_url":"https:\/\/vemania.cafeblog.hu\/files\/2018\/12\/10-eves-lett-a-holiday-ennyit-valtoztak-a-film-foszereploi-12130312-1482844470-150x150.jpg","thumbnail_width":150,"thumbnail_height":150}